{"id":7902,"date":"2025-10-23T10:12:50","date_gmt":"2025-10-23T08:12:50","guid":{"rendered":"https:\/\/impact.be\/voyage-en-belgique\/"},"modified":"2025-11-21T14:48:24","modified_gmt":"2025-11-21T13:48:24","slug":"voyage-en-belgique","status":"publish","type":"page","link":"https:\/\/impact.be\/fr\/candidats\/recrutement-international\/voyage-en-belgique\/","title":{"rendered":"Voyage en Belgique"},"content":{"rendered":"<div class=\"wpb-content-wrapper\"><p>[vc_row full_width=\u00a0\u00bbstretch_row\u00a0\u00bb content_placement=\u00a0\u00bbbottom\u00a0\u00bb bg_custom_divider=\u00a0\u00bbdiagonal-60&Prime; bg_custom_style=\u00a0\u00bbimage\u00a0\u00bb row_height=\u00a0\u00bbrow_900px\u00a0\u00bb bg_color=\u00a0\u00bbbg_green\u00a0\u00bb divider_icon=\u00a0\u00bbyes\u00a0\u00bb css=\u00a0\u00bb.vc_custom_1761206855610{background-color: bg_gray !important;}\u00a0\u00bb bg_custom_img=\u00a0\u00bb4936&Prime;][vc_column width=\u00a0\u00bb2\/5&Prime; css=\u00a0\u00bb.vc_custom_1756985632657{padding-top: 60px !important;}\u00a0\u00bb]\n        <div class=\"sd-block-breadcrumb  align-left color-white marginbottom-60px\n        \">\n            <ul id=\"breadcrumbs\" class=\"breadcrumbs\"><\/ul>\n        <\/div>\n        <div class=\"sd-block-title \">\n            <h1 class=\"sd-block-title-htag  marginbottom-30px align-left color-white\n            \">\n\t\t\t\t\n            \tVoyage en Belgique\n\t\t\t<\/h1>\n        <\/div>\n        <div class=\"sd-block-text  marginbottom-0px color-white\n        \">\n        \t\n            <p>Un nouveau pays et une nouvelle culture : une fois que tu seras install\u00e9 dans ta nouvelle maison, tu voudras sans doute d\u00e9couvrir plus de la Belgique que la seule ville o\u00f9 tu travailles. Tu trouveras ci-dessous un aper\u00e7u des diff\u00e9rentes possibilit\u00e9s de transport.<\/p>\n\n        <\/div>[\/vc_column][vc_column width=\u00a0\u00bb3\/5&Prime;][\/vc_column][\/vc_row][vc_row full_width=\u00a0\u00bbstretch_row\u00a0\u00bb content_placement=\u00a0\u00bbmiddle\u00a0\u00bb][vc_column][vc_row_inner content_placement=\u00a0\u00bbmiddle\u00a0\u00bb row_inner_margin_bottom=\u00a0\u00bb60px\u00a0\u00bb][vc_column_inner width=\u00a0\u00bb1\/2&Prime;]\n        <div class=\"sd-block-image image-count-1  align-Left marginbottom-30px\n        \"><img decoding=\"async\" title=\"\" alt=\"\" src=\"https:\/\/impact.be\/wp-content\/uploads\/2025\/10\/Transport_option.jpg\">\n        <\/div>[\/vc_column_inner][vc_column_inner width=\u00a0\u00bb1\/12&Prime;][\/vc_column_inner][vc_column_inner width=\u00a0\u00bb5\/12&Prime;]\n        <div class=\"sd-block-title \">\n            <h2 class=\"sd-block-title-htag  marginbottom-30px align-left color-dark_gray\n            \">\n\t\t\t\t\n            \tOptions de transport\n\t\t\t<\/h2>\n        <\/div>\n        <div class=\"sd-block-text  marginbottom-0px color-gray_dark\n        \">\n        \t\n            <p>Tu n&rsquo;as pas de voiture ? Pas de probl\u00e8me. La Belgique offre de nombreux moyens de se d\u00e9placer facilement et d&rsquo;explorer le pays. Les transports publics sont bien organis\u00e9s et faciles \u00e0 utiliser.<\/p>\n\n        <\/div>[\/vc_column_inner][\/vc_row_inner][vc_row_inner][vc_column_inner width=\u00a0\u00bb1\/3&Prime;]\n        <div class=\"sd-block-title \">\n            <h2 class=\"sd-block-title-htag  marginbottom-30px align-left color-dark_gray font-middle\n            \">\n\t\t\t\t\n            \tEn bus\n\t\t\t<\/h2>\n        <\/div>\n        <div class=\"sd-block-text  marginbottom-0px color-gray_dark\n        \">\n        \t\n            <p>Vois le pays en bus avec <a href=\"https:\/\/www.delijn.be\/en\/?vertaling=true\" target=\"_blank\" rel=\"noopener\">De Lijn<\/a> en Flandre, <a href=\"https:\/\/www.stib-mivb.be\/index.htm?l=en\" target=\"_blank\" rel=\"noopener\">STIB<\/a> \u00e0 Bruxelles et <a href=\"https:\/\/www.letec.be\/#\/\" target=\"_blank\" rel=\"noopener\">TEC<\/a> en Wallonie.<\/p>\n\n        <\/div>[\/vc_column_inner][vc_column_inner width=\u00a0\u00bb1\/3&Prime;]\n        <div class=\"sd-block-title \">\n            <h2 class=\"sd-block-title-htag  marginbottom-30px align-left color-dark_gray font-middle\n            \">\n\t\t\t\t\n            \tEn train\n\t\t\t<\/h2>\n        <\/div>\n        <div class=\"sd-block-text  marginbottom-0px color-gray_dark\n        \">\n        \t\n            <p>La <a href=\"https:\/\/www.belgiantrain.be\/en\" target=\"_blank\" rel=\"noopener\">SNCB<\/a> est la soci\u00e9t\u00e9 nationale des chemins de fer qui s&rsquo;occupe de l&rsquo;ensemble du transport ferroviaire dans toute la Belgique.<\/p>\n\n        <\/div>[\/vc_column_inner][vc_column_inner width=\u00a0\u00bb1\/3&Prime;]\n        <div class=\"sd-block-title \">\n            <h2 class=\"sd-block-title-htag  marginbottom-30px align-left color-dark_gray font-middle\n            \">\n\t\t\t\t\n            \t\u00c0 bicyclette\n\t\t\t<\/h2>\n        <\/div>\n        <div class=\"sd-block-text  marginbottom-0px color-gray_dark\n        \">\n        \t\n            <p>La Belgique est un pays passionn\u00e9 de cyclisme avec un vaste r\u00e9seau de pistes cyclables.<\/p>\n\n        <\/div>[\/vc_column_inner][\/vc_row_inner][\/vc_column][\/vc_row][vc_row full_width=\u00a0\u00bbstretch_row\u00a0\u00bb content_placement=\u00a0\u00bbmiddle\u00a0\u00bb bg_color=\u00a0\u00bbbg_gray\u00a0\u00bb css=\u00a0\u00bb.vc_custom_1761205584164{background-color: bg_gray !important;}\u00a0\u00bb][vc_column width=\u00a0\u00bb1\/2&Prime;]\n        <div class=\"sd-block-image image-count-1  align-Left marginbottom-30px\n        \"><img decoding=\"async\" title=\"\" alt=\"\" src=\"https:\/\/impact.be\/wp-content\/uploads\/2025\/10\/IMPACT-750-x-500-travelling.jpg\">\n        <\/div>[\/vc_column][vc_column width=\u00a0\u00bb1\/12&Prime;][\/vc_column][vc_column width=\u00a0\u00bb5\/12&Prime;]\n        <div class=\"sd-block-title \">\n            <h2 class=\"sd-block-title-htag  marginbottom-30px align-left color-white\n            \">\n\t\t\t\t\n            \tVoyage entre la Belgique et ton pays d'origine\n\t\t\t<\/h2>\n        <\/div>\n        <div class=\"sd-block-text  marginbottom-30px color-white\n        \">\n        \t\n            <p>Aimerais-tu retourner dans ton pays natal pour un moment pendant tes vacances ? Bien s\u00fbr que oui ! Ton coach personnel se fera un plaisir de t&rsquo;aider pour toutes les questions pratiques concernant ton voyage de retour ; des documents dont tu as besoin aux meilleures options de transport.<\/p>\n\n        <\/div>\n        <div class=\"sd-block-button  marginbottom-0px align-left button-type-background button-size-normal background-color-green\">\n            <a class=\"inner-button\"\n            href=\"https:\/\/impact.be\/fr\/candidats\/recrutement-international\/consultant-en-recrutement\/\" title=\"Rencontre ton coach\">\n                <div class=\"button-content\">\n                    <span>Rencontre ton coach<\/span>\n\t\t\t\t    <svg height=\"15\" width=\"15\" xmlns=\"http:\/\/www.w3.org\/2000\/svg\" viewBox=\"0 0 15 13.56\"><path fill=\"currentColor\" d=\"M0,5.64h11.64L7.56,0h2.64l4.8,6.84-4.8,6.72h-2.64l4.08-5.64H0v-2.28Z\"\/><\/svg>\n                <\/div>\n            <\/a>\n        <\/div>[\/vc_column][\/vc_row][vc_row full_width=\u00a0\u00bbstretch_row\u00a0\u00bb content_placement=\u00a0\u00bbmiddle\u00a0\u00bb row_height=\u00a0\u00bbrow_700px\u00a0\u00bb reverse_columns=\u00a0\u00bbyes\u00a0\u00bb css=\u00a0\u00bb.vc_custom_1761204547141{background-color: bg_gray !important;}\u00a0\u00bb][vc_column width=\u00a0\u00bb5\/12&Prime;]\n        <div class=\"sd-block-title \">\n            <h2 class=\"sd-block-title-htag  marginbottom-30px align-left color-dark_gray\n            \">\n\t\t\t\t\n            \tPr\u00eat ? Pr\u00eats ? Pars pour une nouvelle aventure en Belgique !\n\t\t\t<\/h2>\n        <\/div>\n        <div class=\"sd-block-text  marginbottom-30px color-gray_dark\n        \">\n        \t\n            <p>D\u00e9m\u00e9nager en Belgique pour travailler est une exp\u00e9rience enrichissante. Elle te donne la chance de d\u00e9couvrir une nouvelle culture, d&rsquo;apprendre une autre langue et de rencontrer des gens du monde entier. De plus, en tant que sp\u00e9cialiste, tu seras r\u00e9compens\u00e9 par un salaire juste et attractif.<\/p>\n\n        <\/div>[vc_row_inner][vc_column_inner width=\u00a0\u00bb1\/2&Prime;]\n        <div class=\"sd-block-button  marginbottom-30px align-left button-type-text text-size-normal text-color-dark_gray\">\n            <a class=\"inner-button\"\n            href=\"https:\/\/impact.be\/fr\/candidats\/travailler-dans-la-construction\/\" title=\"Emplois dans la construction\">\n                <div class=\"button-content\">\n                    <span>Emplois dans la construction<\/span>\n\t\t\t\t    <svg height=\"15\" width=\"15\" xmlns=\"http:\/\/www.w3.org\/2000\/svg\" viewBox=\"0 0 15 13.56\"><path fill=\"currentColor\" d=\"M0,5.64h11.64L7.56,0h2.64l4.8,6.84-4.8,6.72h-2.64l4.08-5.64H0v-2.28Z\"\/><\/svg>\n                <\/div>\n            <\/a>\n        <\/div>[\/vc_column_inner][vc_column_inner width=\u00a0\u00bb1\/2&Prime;]\n        <div class=\"sd-block-button  marginbottom-30px button-type-text text-size-normal text-color-dark_gray\">\n            <a class=\"inner-button\"\n            href=\"https:\/\/impact.be\/fr\/candidats\/travailler-dans-la-technique\/\" title=\"Emplois techniques\">\n                <div class=\"button-content\">\n                    <span>Emplois techniques<\/span>\n\t\t\t\t    <svg height=\"15\" width=\"15\" xmlns=\"http:\/\/www.w3.org\/2000\/svg\" viewBox=\"0 0 15 13.56\"><path fill=\"currentColor\" d=\"M0,5.64h11.64L7.56,0h2.64l4.8,6.84-4.8,6.72h-2.64l4.08-5.64H0v-2.28Z\"\/><\/svg>\n                <\/div>\n            <\/a>\n        <\/div>[\/vc_column_inner][\/vc_row_inner][vc_row_inner][vc_column_inner width=\u00a0\u00bb1\/2&Prime;]\n        <div class=\"sd-block-button  marginbottom-0px align-left button-type-text text-size-normal text-color-dark_gray mobile_marginbottom-30px\">\n            <a class=\"inner-button\"\n            href=\"https:\/\/impact.be\/fr\/candidats\/application-spontanee\/\" title=\"Postule spontan\u00e9ment\">\n                <div class=\"button-content\">\n                    <span>Postule spontan\u00e9ment<\/span>\n\t\t\t\t    <svg height=\"15\" width=\"15\" xmlns=\"http:\/\/www.w3.org\/2000\/svg\" viewBox=\"0 0 15 13.56\"><path fill=\"currentColor\" d=\"M0,5.64h11.64L7.56,0h2.64l4.8,6.84-4.8,6.72h-2.64l4.08-5.64H0v-2.28Z\"\/><\/svg>\n                <\/div>\n            <\/a>\n        <\/div>[\/vc_column_inner][vc_column_inner width=\u00a0\u00bb1\/2&Prime;]\n        <div class=\"sd-block-button  marginbottom-0px align-left button-type-text text-size-normal text-color-dark_gray mobile_marginbottom-30px\">\n            <a class=\"inner-button\"\n            href=\"https:\/\/impact.be\/fr\/candidats\/alle-vacatures\/\" title=\"Tous les postes vacants\">\n                <div class=\"button-content\">\n                    <span>Tous les postes vacants<\/span>\n\t\t\t\t    <svg height=\"15\" width=\"15\" xmlns=\"http:\/\/www.w3.org\/2000\/svg\" viewBox=\"0 0 15 13.56\"><path fill=\"currentColor\" d=\"M0,5.64h11.64L7.56,0h2.64l4.8,6.84-4.8,6.72h-2.64l4.08-5.64H0v-2.28Z\"\/><\/svg>\n                <\/div>\n            <\/a>\n        <\/div>[\/vc_column_inner][\/vc_row_inner][\/vc_column][vc_column width=\u00a0\u00bb1\/12&Prime;][\/vc_column][vc_column width=\u00a0\u00bb1\/2&Prime;]\n        <div class=\"sd-block-image image-count-1  align-center marginbottom-0px custom-height image-height-500\n        \"><img decoding=\"async\" title=\"\" alt=\"\" src=\"https:\/\/impact.be\/wp-content\/uploads\/2025\/10\/Enriching.jpg\">\n        <\/div>[\/vc_column][\/vc_row][vc_row full_width=\u00a0\u00bbstretch_row\u00a0\u00bb bg_color=\u00a0\u00bbbg_white\u00a0\u00bb css=\u00a0\u00bb.vc_custom_1761207164105{background-color: bg_white !important;}\u00a0\u00bb][vc_column][vc_row_inner][vc_column_inner width=\u00a0\u00bb1\/2&Prime;]\n        <div class=\"sd-block-title \">\n            <h2 class=\"sd-block-title-htag  marginbottom-30px align-left color-dark_gray\n            \">\n\t\t\t\t\n            \tArticles r\u00e9cents\n\t\t\t<\/h2>\n        <\/div>[\/vc_column_inner][vc_column_inner width=\u00a0\u00bb1\/2&Prime;]\n        <div class=\"sd-block-button  marginbottom-0px align-right button-type-text text-size-normal text-color-dark_grey\">\n            <a class=\"inner-button\"\n            href=\"https:\/\/impact.be\/fr\/candidats\/blog\/\" title=\"Lire tous les articles\">\n                <div class=\"button-content\">\n                    <span>Lire tous les articles<\/span>\n\t\t\t\t    <svg height=\"15\" width=\"15\" xmlns=\"http:\/\/www.w3.org\/2000\/svg\" viewBox=\"0 0 15 13.56\"><path fill=\"currentColor\" d=\"M0,5.64h11.64L7.56,0h2.64l4.8,6.84-4.8,6.72h-2.64l4.08-5.64H0v-2.28Z\"\/><\/svg>\n                <\/div>\n            <\/a>\n        <\/div>[\/vc_column_inner][\/vc_row_inner]\n        <div class=\"sd-block-blog-overview\" data-atts=\"{&quot;posts_per_page&quot;:&quot;3&quot;,&quot;pagination&quot;:&quot;no&quot;}\" data-page-id=\"1\"><div class=\"blog-grid\">\n                            <a title=\"Pourquoi le savoir-faire devient la nouvelle comp\u00e9tence en or\" href=\"https:\/\/impact.be\/fr\/candidats\/blog\/astuces-et-conseils\/trouve-du-travail-rapidement-choisis-une-profession-a-goulot-detranglement-dans-la-construction-ou-lingenierie-2\/\" class=\"blog-tile\">\n                                <div class=\"blog-tile-image\"><img decoding=\"async\" src=\"https:\/\/impact.be\/wp-content\/uploads\/2026\/03\/IMPACT-1000x1000-blog-techniek.jpg\" alt=\"Pourquoi le savoir-faire devient la nouvelle comp\u00e9tence en or\"><\/div>\n                                <div class=\"blog-tile-text\">\n                                    <div class=\"blog-category\">Tips &amp; tricks<\/div>\n                                    \n        <div class=\"sd-block-title \">\n            <h2 class=\"sd-block-title-htag  marginbottom-30px align-left color-dark_gray font-small\n            \">\n\t\t\t\t\n            \tPourquoi le savoir-faire devient la nouvelle comp\u00e9tence en or\n\t\t\t<\/h2>\n        <\/div>\n                                    \n        <div class=\"sd-block-button  marginbottom-0px align-left button-type-text text-size-normal text-color-dark_grey\">\n            <span class=\"inner-button\"\n            href=\"https:\/\/impact.be\/fr\/candidats\/blog\/astuces-et-conseils\/trouve-du-travail-rapidement-choisis-une-profession-a-goulot-detranglement-dans-la-construction-ou-lingenierie-2\/\" title=\"En savoir plus\">\n                <div class=\"button-content\">\n                    <span>En savoir plus<\/span>\n\t\t\t\t    <svg height=\"15\" width=\"15\" xmlns=\"http:\/\/www.w3.org\/2000\/svg\" viewBox=\"0 0 15 13.56\"><path fill=\"currentColor\" d=\"M0,5.64h11.64L7.56,0h2.64l4.8,6.84-4.8,6.72h-2.64l4.08-5.64H0v-2.28Z\"\/><\/svg>\n                <\/div>\n            <\/span>\n        <\/div>\n                                <\/div>\n                            <\/a>\n                            <a title=\"Trouve du travail rapidement ? Choisis une profession \u00e0 goulot d&rsquo;\u00e9tranglement dans la construction ou l&rsquo;ing\u00e9nierie.\" href=\"https:\/\/impact.be\/fr\/candidats\/blog\/astuces-et-conseils\/trouve-du-travail-rapidement-choisis-une-profession-a-goulot-detranglement-dans-la-construction-ou-lingenierie\/\" class=\"blog-tile\">\n                                <div class=\"blog-tile-image\"><img decoding=\"async\" src=\"https:\/\/impact.be\/wp-content\/uploads\/2025\/09\/Snel_werk_vinden.jpg\" alt=\"Trouve du travail rapidement ? Choisis une profession \u00e0 goulot d&rsquo;\u00e9tranglement dans la construction ou l&rsquo;ing\u00e9nierie.\"><\/div>\n                                <div class=\"blog-tile-text\">\n                                    <div class=\"blog-category\">Tips &amp; tricks<\/div>\n                                    \n        <div class=\"sd-block-title \">\n            <h2 class=\"sd-block-title-htag  marginbottom-30px align-left color-dark_gray font-small\n            \">\n\t\t\t\t\n            \tTrouve du travail rapidement ? Choisis une profession \u00e0 goulot d&rsquo;\u00e9tranglement dans la construction ou l&rsquo;ing\u00e9nierie.\n\t\t\t<\/h2>\n        <\/div>\n                                    \n        <div class=\"sd-block-button  marginbottom-0px align-left button-type-text text-size-normal text-color-dark_grey\">\n            <span class=\"inner-button\"\n            href=\"https:\/\/impact.be\/fr\/candidats\/blog\/astuces-et-conseils\/trouve-du-travail-rapidement-choisis-une-profession-a-goulot-detranglement-dans-la-construction-ou-lingenierie\/\" title=\"En savoir plus\">\n                <div class=\"button-content\">\n                    <span>En savoir plus<\/span>\n\t\t\t\t    <svg height=\"15\" width=\"15\" xmlns=\"http:\/\/www.w3.org\/2000\/svg\" viewBox=\"0 0 15 13.56\"><path fill=\"currentColor\" d=\"M0,5.64h11.64L7.56,0h2.64l4.8,6.84-4.8,6.72h-2.64l4.08-5.64H0v-2.28Z\"\/><\/svg>\n                <\/div>\n            <\/span>\n        <\/div>\n                                <\/div>\n                            <\/a>\n                            <a title=\"Une banderole de gr\u00e8ve s&rsquo;affiche sur l'\u00a0\u00bb\u00e9ternel \u00e9chafaudage\u00a0\u00bb du palais de justice de Bruxelles\" href=\"https:\/\/impact.be\/fr\/candidats\/blog\/actualites\/une-banderole-de-greve-saffiche-sur-leternel-echafaudage-du-palais-de-justice-de-bruxelles\/\" class=\"blog-tile\">\n                                <div class=\"blog-tile-image\"><img decoding=\"async\" src=\"https:\/\/impact.be\/wp-content\/uploads\/2025\/09\/opvallend-spandoek.jpg\" alt=\"Une banderole de gr\u00e8ve s&rsquo;affiche sur l'\u00a0\u00bb\u00e9ternel \u00e9chafaudage\u00a0\u00bb du palais de justice de Bruxelles\"><\/div>\n                                <div class=\"blog-tile-text\">\n                                    <div class=\"blog-category\">News<\/div>\n                                    \n        <div class=\"sd-block-title \">\n            <h2 class=\"sd-block-title-htag  marginbottom-30px align-left color-dark_gray font-small\n            \">\n\t\t\t\t\n            \tUne banderole de gr\u00e8ve s&rsquo;affiche sur l' \u00bb\u00e9ternel \u00e9chafaudage \u00bb du palais de justice de Bruxelles\n\t\t\t<\/h2>\n        <\/div>\n                                    \n        <div class=\"sd-block-button  marginbottom-0px align-left button-type-text text-size-normal text-color-dark_grey\">\n            <span class=\"inner-button\"\n            href=\"https:\/\/impact.be\/fr\/candidats\/blog\/actualites\/une-banderole-de-greve-saffiche-sur-leternel-echafaudage-du-palais-de-justice-de-bruxelles\/\" title=\"En savoir plus\">\n                <div class=\"button-content\">\n                    <span>En savoir plus<\/span>\n\t\t\t\t    <svg height=\"15\" width=\"15\" xmlns=\"http:\/\/www.w3.org\/2000\/svg\" viewBox=\"0 0 15 13.56\"><path fill=\"currentColor\" d=\"M0,5.64h11.64L7.56,0h2.64l4.8,6.84-4.8,6.72h-2.64l4.08-5.64H0v-2.28Z\"\/><\/svg>\n                <\/div>\n            <\/span>\n        <\/div>\n                                <\/div>\n                            <\/a>\n                            <\/div>\n        <\/div>[\/vc_column][\/vc_row]<\/p>\n<\/div>","protected":false},"excerpt":{"rendered":"<p>[vc_row full_width=\u00a0\u00bbstretch_row\u00a0\u00bb content_placement=\u00a0\u00bbbottom\u00a0\u00bb bg_custom_divider=\u00a0\u00bbdiagonal-60&Prime; bg_custom_style=\u00a0\u00bbimage\u00a0\u00bb row_height=\u00a0\u00bbrow_900px\u00a0\u00bb bg_color=\u00a0\u00bbbg_green\u00a0\u00bb divider_icon=\u00a0\u00bbyes\u00a0\u00bb css=\u00a0\u00bb.vc_custom_1761206855610{background-color: bg_gray !important;}\u00a0\u00bb bg_custom_img=\u00a0\u00bb4936&Prime;][vc_column width=\u00a0\u00bb2\/5&Prime; css=\u00a0\u00bb.vc_custom_1756985632657{padding-top: 60px !important;}\u00a0\u00bb][\/vc_column][vc_column width=\u00a0\u00bb3\/5&Prime;][\/vc_column][\/vc_row][vc_row full_width=\u00a0\u00bbstretch_row\u00a0\u00bb content_placement=\u00a0\u00bbmiddle\u00a0\u00bb][vc_column][vc_row_inner content_placement=\u00a0\u00bbmiddle\u00a0\u00bb row_inner_margin_bottom=\u00a0\u00bb60px\u00a0\u00bb][vc_column_inner width=\u00a0\u00bb1\/2&Prime;][\/vc_column_inner][vc_column_inner width=\u00a0\u00bb1\/12&Prime;][\/vc_column_inner][vc_column_inner width=\u00a0\u00bb5\/12&Prime;][\/vc_column_inner][\/vc_row_inner][vc_row_inner][vc_column_inner width=\u00a0\u00bb1\/3&Prime;][\/vc_column_inner][vc_column_inner width=\u00a0\u00bb1\/3&Prime;][\/vc_column_inner][vc_column_inner width=\u00a0\u00bb1\/3&Prime;][\/vc_column_inner][\/vc_row_inner][\/vc_column][\/vc_row][vc_row full_width=\u00a0\u00bbstretch_row\u00a0\u00bb content_placement=\u00a0\u00bbmiddle\u00a0\u00bb bg_color=\u00a0\u00bbbg_gray\u00a0\u00bb css=\u00a0\u00bb.vc_custom_1761205584164{background-color: bg_gray !important;}\u00a0\u00bb][vc_column width=\u00a0\u00bb1\/2&Prime;][\/vc_column][vc_column width=\u00a0\u00bb1\/12&Prime;][\/vc_column][vc_column width=\u00a0\u00bb5\/12&Prime;][\/vc_column][\/vc_row][vc_row full_width=\u00a0\u00bbstretch_row\u00a0\u00bb content_placement=\u00a0\u00bbmiddle\u00a0\u00bb row_height=\u00a0\u00bbrow_700px\u00a0\u00bb reverse_columns=\u00a0\u00bbyes\u00a0\u00bb css=\u00a0\u00bb.vc_custom_1761204547141{background-color: bg_gray !important;}\u00a0\u00bb][vc_column width=\u00a0\u00bb5\/12&Prime;][vc_row_inner][vc_column_inner width=\u00a0\u00bb1\/2&Prime;][\/vc_column_inner][vc_column_inner width=\u00a0\u00bb1\/2&Prime;][\/vc_column_inner][\/vc_row_inner][vc_row_inner][vc_column_inner width=\u00a0\u00bb1\/2&Prime;][\/vc_column_inner][vc_column_inner width=\u00a0\u00bb1\/2&Prime;][\/vc_column_inner][\/vc_row_inner][\/vc_column][vc_column width=\u00a0\u00bb1\/12&Prime;][\/vc_column][vc_column width=\u00a0\u00bb1\/2&Prime;][\/vc_column][\/vc_row][vc_row full_width=\u00a0\u00bbstretch_row\u00a0\u00bb bg_color=\u00a0\u00bbbg_white\u00a0\u00bb css=\u00a0\u00bb.vc_custom_1761207164105{background-color: bg_white !important;}\u00a0\u00bb][vc_column][vc_row_inner][vc_column_inner &hellip; <\/p>\n<p class=\"link-more\"><a href=\"https:\/\/impact.be\/fr\/candidats\/blog\/actualites\/une-banderole-de-greve-saffiche-sur-leternel-echafaudage-du-palais-de-justice-de-bruxelles\/\" class=\"more-link\">Continue reading<span class=\"screen-reader-text\"> \u00ab\u00a0Une banderole de gr\u00e8ve s&rsquo;affiche sur l&rsquo;\u00a0\u00bb\u00e9ternel \u00e9chafaudage\u00a0\u00bb du palais de justice de Bruxelles\u00a0\u00bb<\/span><\/a><\/p>\n","protected":false},"author":1,"featured_media":0,"parent":7932,"menu_order":0,"comment_status":"closed","ping_status":"closed","template":"","meta":{"_acf_changed":false,"footnotes":""},"class_list":["post-7902","page","type-page","status-publish","hentry"],"acf":[],"yoast_head":"<!-- This site is optimized with the Yoast SEO plugin v26.8 - https:\/\/yoast.com\/product\/yoast-seo-wordpress\/ -->\n<title>Voyage en Belgique | IMPACT<\/title>\n<meta name=\"robots\" content=\"index, follow, max-snippet:-1, max-image-preview:large, max-video-preview:-1\" \/>\n<link rel=\"canonical\" href=\"https:\/\/impact.be\/fr\/candidats\/recrutement-international\/voyage-en-belgique\/\" \/>\n<meta property=\"og:locale\" content=\"fr_FR\" \/>\n<meta property=\"og:type\" content=\"article\" \/>\n<meta property=\"og:title\" content=\"Voyage en Belgique | IMPACT\" \/>\n<meta property=\"og:description\" content=\"[vc_row full_width=\u00a0\u00bbstretch_row\u00a0\u00bb content_placement=\u00a0\u00bbbottom\u00a0\u00bb bg_custom_divider=\u00a0\u00bbdiagonal-60&Prime; bg_custom_style=\u00a0\u00bbimage\u00a0\u00bb row_height=\u00a0\u00bbrow_900px\u00a0\u00bb bg_color=\u00a0\u00bbbg_green\u00a0\u00bb divider_icon=\u00a0\u00bbyes\u00a0\u00bb css=\u00a0\u00bb.vc_custom_1761206855610{background-color: bg_gray !important;}\u00a0\u00bb bg_custom_img=\u00a0\u00bb4936&Prime;][vc_column width=\u00a0\u00bb2\/5&Prime; css=\u00a0\u00bb.vc_custom_1756985632657{padding-top: 60px !important;}\u00a0\u00bb][\/vc_column][vc_column width=\u00a0\u00bb3\/5&Prime;][\/vc_column][\/vc_row][vc_row full_width=\u00a0\u00bbstretch_row\u00a0\u00bb content_placement=\u00a0\u00bbmiddle\u00a0\u00bb][vc_column][vc_row_inner content_placement=\u00a0\u00bbmiddle\u00a0\u00bb row_inner_margin_bottom=\u00a0\u00bb60px\u00a0\u00bb][vc_column_inner width=\u00a0\u00bb1\/2&Prime;][\/vc_column_inner][vc_column_inner width=\u00a0\u00bb1\/12&Prime;][\/vc_column_inner][vc_column_inner width=\u00a0\u00bb5\/12&Prime;][\/vc_column_inner][\/vc_row_inner][vc_row_inner][vc_column_inner width=\u00a0\u00bb1\/3&Prime;][\/vc_column_inner][vc_column_inner width=\u00a0\u00bb1\/3&Prime;][\/vc_column_inner][vc_column_inner width=\u00a0\u00bb1\/3&Prime;][\/vc_column_inner][\/vc_row_inner][\/vc_column][\/vc_row][vc_row full_width=\u00a0\u00bbstretch_row\u00a0\u00bb content_placement=\u00a0\u00bbmiddle\u00a0\u00bb bg_color=\u00a0\u00bbbg_gray\u00a0\u00bb css=\u00a0\u00bb.vc_custom_1761205584164{background-color: bg_gray !important;}\u00a0\u00bb][vc_column width=\u00a0\u00bb1\/2&Prime;][\/vc_column][vc_column width=\u00a0\u00bb1\/12&Prime;][\/vc_column][vc_column width=\u00a0\u00bb5\/12&Prime;][\/vc_column][\/vc_row][vc_row full_width=\u00a0\u00bbstretch_row\u00a0\u00bb content_placement=\u00a0\u00bbmiddle\u00a0\u00bb row_height=\u00a0\u00bbrow_700px\u00a0\u00bb reverse_columns=\u00a0\u00bbyes\u00a0\u00bb css=\u00a0\u00bb.vc_custom_1761204547141{background-color: bg_gray !important;}\u00a0\u00bb][vc_column width=\u00a0\u00bb5\/12&Prime;][vc_row_inner][vc_column_inner width=\u00a0\u00bb1\/2&Prime;][\/vc_column_inner][vc_column_inner width=\u00a0\u00bb1\/2&Prime;][\/vc_column_inner][\/vc_row_inner][vc_row_inner][vc_column_inner width=\u00a0\u00bb1\/2&Prime;][\/vc_column_inner][vc_column_inner width=\u00a0\u00bb1\/2&Prime;][\/vc_column_inner][\/vc_row_inner][\/vc_column][vc_column width=\u00a0\u00bb1\/12&Prime;][\/vc_column][vc_column width=\u00a0\u00bb1\/2&Prime;][\/vc_column][\/vc_row][vc_row full_width=\u00a0\u00bbstretch_row\u00a0\u00bb bg_color=\u00a0\u00bbbg_white\u00a0\u00bb css=\u00a0\u00bb.vc_custom_1761207164105{background-color: bg_white !important;}\u00a0\u00bb][vc_column][vc_row_inner][vc_column_inner &hellip; Continue reading &quot;Une banderole de gr\u00e8ve s&rsquo;affiche sur l&#039;\u00a0\u00bb\u00e9ternel \u00e9chafaudage\u00a0\u00bb du palais de justice de Bruxelles&quot;\" \/>\n<meta property=\"og:url\" content=\"https:\/\/impact.be\/fr\/candidats\/recrutement-international\/voyage-en-belgique\/\" \/>\n<meta property=\"og:site_name\" content=\"IMPACT\" \/>\n<meta property=\"article:publisher\" content=\"https:\/\/www.facebook.com\/jobs.impact\" \/>\n<meta property=\"article:modified_time\" content=\"2025-11-21T13:48:24+00:00\" \/>\n<meta property=\"og:image\" content=\"https:\/\/impact.be\/wp-content\/uploads\/2025\/11\/Social-share.jpg\" \/>\n\t<meta property=\"og:image:width\" content=\"1200\" \/>\n\t<meta property=\"og:image:height\" content=\"675\" \/>\n\t<meta property=\"og:image:type\" content=\"image\/jpeg\" \/>\n<meta name=\"twitter:card\" content=\"summary_large_image\" \/>\n<meta name=\"twitter:label1\" content=\"Dur\u00e9e de lecture estim\u00e9e\" \/>\n\t<meta name=\"twitter:data1\" content=\"3 minutes\" \/>\n<script type=\"application\/ld+json\" class=\"yoast-schema-graph\">{\"@context\":\"https:\/\/schema.org\",\"@graph\":[{\"@type\":\"WebPage\",\"@id\":\"https:\/\/impact.be\/fr\/candidats\/recrutement-international\/voyage-en-belgique\/\",\"url\":\"https:\/\/impact.be\/fr\/candidats\/recrutement-international\/voyage-en-belgique\/\",\"name\":\"Voyage en Belgique | IMPACT\",\"isPartOf\":{\"@id\":\"https:\/\/impact.be\/fr\/#website\"},\"datePublished\":\"2025-10-23T08:12:50+00:00\",\"dateModified\":\"2025-11-21T13:48:24+00:00\",\"breadcrumb\":{\"@id\":\"https:\/\/impact.be\/fr\/candidats\/recrutement-international\/voyage-en-belgique\/#breadcrumb\"},\"inLanguage\":\"fr-FR\",\"potentialAction\":[{\"@type\":\"ReadAction\",\"target\":[\"https:\/\/impact.be\/fr\/candidats\/recrutement-international\/voyage-en-belgique\/\"]}]},{\"@type\":\"BreadcrumbList\",\"@id\":\"https:\/\/impact.be\/fr\/candidats\/recrutement-international\/voyage-en-belgique\/#breadcrumb\",\"itemListElement\":[{\"@type\":\"ListItem\",\"position\":1,\"name\":\"Home\",\"item\":\"https:\/\/impact.be\/fr\/\"},{\"@type\":\"ListItem\",\"position\":2,\"name\":\"Les candidats\",\"item\":\"https:\/\/impact.be\/fr\/\"},{\"@type\":\"ListItem\",\"position\":3,\"name\":\"Recrutement international\",\"item\":\"https:\/\/impact.be\/fr\/candidats\/recrutement-international\/\"},{\"@type\":\"ListItem\",\"position\":4,\"name\":\"Voyage en Belgique\"}]},{\"@type\":\"WebSite\",\"@id\":\"https:\/\/impact.be\/fr\/#website\",\"url\":\"https:\/\/impact.be\/fr\/\",\"name\":\"IMPACT\",\"description\":\"Impact website\",\"inLanguage\":\"fr-FR\"}]}<\/script>\n<!-- \/ Yoast SEO plugin. -->","yoast_head_json":{"title":"Voyage en Belgique | IMPACT","robots":{"index":"index","follow":"follow","max-snippet":"max-snippet:-1","max-image-preview":"max-image-preview:large","max-video-preview":"max-video-preview:-1"},"canonical":"https:\/\/impact.be\/fr\/candidats\/recrutement-international\/voyage-en-belgique\/","og_locale":"fr_FR","og_type":"article","og_title":"Voyage en Belgique | IMPACT","og_description":"[vc_row full_width=\u00a0\u00bbstretch_row\u00a0\u00bb content_placement=\u00a0\u00bbbottom\u00a0\u00bb bg_custom_divider=\u00a0\u00bbdiagonal-60&Prime; bg_custom_style=\u00a0\u00bbimage\u00a0\u00bb row_height=\u00a0\u00bbrow_900px\u00a0\u00bb bg_color=\u00a0\u00bbbg_green\u00a0\u00bb divider_icon=\u00a0\u00bbyes\u00a0\u00bb css=\u00a0\u00bb.vc_custom_1761206855610{background-color: bg_gray !important;}\u00a0\u00bb bg_custom_img=\u00a0\u00bb4936&Prime;][vc_column width=\u00a0\u00bb2\/5&Prime; css=\u00a0\u00bb.vc_custom_1756985632657{padding-top: 60px !important;}\u00a0\u00bb][\/vc_column][vc_column width=\u00a0\u00bb3\/5&Prime;][\/vc_column][\/vc_row][vc_row full_width=\u00a0\u00bbstretch_row\u00a0\u00bb content_placement=\u00a0\u00bbmiddle\u00a0\u00bb][vc_column][vc_row_inner content_placement=\u00a0\u00bbmiddle\u00a0\u00bb row_inner_margin_bottom=\u00a0\u00bb60px\u00a0\u00bb][vc_column_inner width=\u00a0\u00bb1\/2&Prime;][\/vc_column_inner][vc_column_inner width=\u00a0\u00bb1\/12&Prime;][\/vc_column_inner][vc_column_inner width=\u00a0\u00bb5\/12&Prime;][\/vc_column_inner][\/vc_row_inner][vc_row_inner][vc_column_inner width=\u00a0\u00bb1\/3&Prime;][\/vc_column_inner][vc_column_inner width=\u00a0\u00bb1\/3&Prime;][\/vc_column_inner][vc_column_inner width=\u00a0\u00bb1\/3&Prime;][\/vc_column_inner][\/vc_row_inner][\/vc_column][\/vc_row][vc_row full_width=\u00a0\u00bbstretch_row\u00a0\u00bb content_placement=\u00a0\u00bbmiddle\u00a0\u00bb bg_color=\u00a0\u00bbbg_gray\u00a0\u00bb css=\u00a0\u00bb.vc_custom_1761205584164{background-color: bg_gray !important;}\u00a0\u00bb][vc_column width=\u00a0\u00bb1\/2&Prime;][\/vc_column][vc_column width=\u00a0\u00bb1\/12&Prime;][\/vc_column][vc_column width=\u00a0\u00bb5\/12&Prime;][\/vc_column][\/vc_row][vc_row full_width=\u00a0\u00bbstretch_row\u00a0\u00bb content_placement=\u00a0\u00bbmiddle\u00a0\u00bb row_height=\u00a0\u00bbrow_700px\u00a0\u00bb reverse_columns=\u00a0\u00bbyes\u00a0\u00bb css=\u00a0\u00bb.vc_custom_1761204547141{background-color: bg_gray !important;}\u00a0\u00bb][vc_column width=\u00a0\u00bb5\/12&Prime;][vc_row_inner][vc_column_inner width=\u00a0\u00bb1\/2&Prime;][\/vc_column_inner][vc_column_inner width=\u00a0\u00bb1\/2&Prime;][\/vc_column_inner][\/vc_row_inner][vc_row_inner][vc_column_inner width=\u00a0\u00bb1\/2&Prime;][\/vc_column_inner][vc_column_inner width=\u00a0\u00bb1\/2&Prime;][\/vc_column_inner][\/vc_row_inner][\/vc_column][vc_column width=\u00a0\u00bb1\/12&Prime;][\/vc_column][vc_column width=\u00a0\u00bb1\/2&Prime;][\/vc_column][\/vc_row][vc_row full_width=\u00a0\u00bbstretch_row\u00a0\u00bb bg_color=\u00a0\u00bbbg_white\u00a0\u00bb css=\u00a0\u00bb.vc_custom_1761207164105{background-color: bg_white !important;}\u00a0\u00bb][vc_column][vc_row_inner][vc_column_inner &hellip; Continue reading \"Une banderole de gr\u00e8ve s&rsquo;affiche sur l'\u00a0\u00bb\u00e9ternel \u00e9chafaudage\u00a0\u00bb du palais de justice de Bruxelles\"","og_url":"https:\/\/impact.be\/fr\/candidats\/recrutement-international\/voyage-en-belgique\/","og_site_name":"IMPACT","article_publisher":"https:\/\/www.facebook.com\/jobs.impact","article_modified_time":"2025-11-21T13:48:24+00:00","og_image":[{"width":1200,"height":675,"url":"https:\/\/impact.be\/wp-content\/uploads\/2025\/11\/Social-share.jpg","type":"image\/jpeg"}],"twitter_card":"summary_large_image","twitter_misc":{"Dur\u00e9e de lecture estim\u00e9e":"3 minutes"},"schema":{"@context":"https:\/\/schema.org","@graph":[{"@type":"WebPage","@id":"https:\/\/impact.be\/fr\/candidats\/recrutement-international\/voyage-en-belgique\/","url":"https:\/\/impact.be\/fr\/candidats\/recrutement-international\/voyage-en-belgique\/","name":"Voyage en Belgique | IMPACT","isPartOf":{"@id":"https:\/\/impact.be\/fr\/#website"},"datePublished":"2025-10-23T08:12:50+00:00","dateModified":"2025-11-21T13:48:24+00:00","breadcrumb":{"@id":"https:\/\/impact.be\/fr\/candidats\/recrutement-international\/voyage-en-belgique\/#breadcrumb"},"inLanguage":"fr-FR","potentialAction":[{"@type":"ReadAction","target":["https:\/\/impact.be\/fr\/candidats\/recrutement-international\/voyage-en-belgique\/"]}]},{"@type":"BreadcrumbList","@id":"https:\/\/impact.be\/fr\/candidats\/recrutement-international\/voyage-en-belgique\/#breadcrumb","itemListElement":[{"@type":"ListItem","position":1,"name":"Home","item":"https:\/\/impact.be\/fr\/"},{"@type":"ListItem","position":2,"name":"Les candidats","item":"https:\/\/impact.be\/fr\/"},{"@type":"ListItem","position":3,"name":"Recrutement international","item":"https:\/\/impact.be\/fr\/candidats\/recrutement-international\/"},{"@type":"ListItem","position":4,"name":"Voyage en Belgique"}]},{"@type":"WebSite","@id":"https:\/\/impact.be\/fr\/#website","url":"https:\/\/impact.be\/fr\/","name":"IMPACT","description":"Impact website","inLanguage":"fr-FR"}]}},"_links":{"self":[{"href":"https:\/\/impact.be\/fr\/wp-json\/wp\/v2\/pages\/7902","targetHints":{"allow":["GET"]}}],"collection":[{"href":"https:\/\/impact.be\/fr\/wp-json\/wp\/v2\/pages"}],"about":[{"href":"https:\/\/impact.be\/fr\/wp-json\/wp\/v2\/types\/page"}],"author":[{"embeddable":true,"href":"https:\/\/impact.be\/fr\/wp-json\/wp\/v2\/users\/1"}],"replies":[{"embeddable":true,"href":"https:\/\/impact.be\/fr\/wp-json\/wp\/v2\/comments?post=7902"}],"version-history":[{"count":10,"href":"https:\/\/impact.be\/fr\/wp-json\/wp\/v2\/pages\/7902\/revisions"}],"predecessor-version":[{"id":12919,"href":"https:\/\/impact.be\/fr\/wp-json\/wp\/v2\/pages\/7902\/revisions\/12919"}],"up":[{"embeddable":true,"href":"https:\/\/impact.be\/fr\/wp-json\/wp\/v2\/pages\/7932"}],"wp:attachment":[{"href":"https:\/\/impact.be\/fr\/wp-json\/wp\/v2\/media?parent=7902"}],"curies":[{"name":"wp","href":"https:\/\/api.w.org\/{rel}","templated":true}]}}